
{"id":402,"date":"2015-10-09T14:14:46","date_gmt":"2015-10-09T14:14:46","guid":{"rendered":"http:\/\/www.pnrrc.pt\/?page_id=402"},"modified":"2024-04-12T11:40:24","modified_gmt":"2024-04-12T11:40:24","slug":"publicacoes","status":"publish","type":"page","link":"https:\/\/www.pnrrc.pt\/index.php\/publicacoes\/","title":{"rendered":"Publica\u00e7\u00f5es"},"content":{"rendered":"<p style=\"text-align: justify;\"><span style=\"color: #000000;\">S\u00e3o disponibilizadas nesta sec\u00e7\u00e3o todas as publica\u00e7\u00f5es editadas pela PNRRC, ou cuja edi\u00e7\u00e3o foi apoiada pela mesma. Poder\u00e3o ser tamb\u00e9m disponibilizadas outras publica\u00e7\u00f5es, de outras entidades, que sejam consideradas como relevantes neste \u00e2mbito.<\/span><\/p>\n<p><a href=\"https:\/\/www.pnrrc.pt\/wp-content\/uploads\/2024\/04\/Guidelines-Publicos-com-Necessidades-Especificas_vf_acessivel.pdf\"><span style=\"color: #0000ff;\"><span style=\"color: #000000;\">+ Abordagem de p\u00fablicos com necessidades espec\u00edficas em contexto de ZCAP ( Zonas de Concentra\u00e7\u00e3o de Apoio \u00e0 Popula\u00e7\u00e3o)\u00a0<\/span><\/span><\/a><\/p>\n<p><a href=\"https:\/\/www.pnrrc.pt\/wp-content\/uploads\/2024\/04\/Programa-Webinar-de-Sensibilizacao-Promover-a-acessibilidade-e-a-inclusao-das-pessoas-com-deficiencia-para-a-reducao-do-risco-de-catastrofes.pdf\"><span style=\"color: #0000ff;\"><span style=\"color: #000000;\">+Programa do webinar de sensibiliza\u00e7\u00e3o: &#8221; promover a acessibilidade e a inclus\u00e3o das pessoas com defici\u00eancia para a redu\u00e7\u00e3o do risco de cat\u00e1strofes&#8221;<\/span><\/span><\/a><\/p>\n<p><a href=\"https:\/\/www.pnrrc.pt\/wp-content\/uploads\/2024\/04\/Nota-informativa-n.o1_2023_Resiliencia-Sismica_VFinal_Anexo-3.pdf\"><span style=\"color: #0000ff;\"><span style=\"color: #000000;\">+Nota informativa n\u00ba1 2023: Resili\u00eancia S\u00edsmica\u00a0<\/span><\/span><\/a><\/p>\n<p><span style=\"color: #0000ff;\"><span style=\"color: #000000;\">+<\/span> <a href=\"https:\/\/www.pnrrc.pt\/wp-content\/uploads\/2024\/04\/Circular-interna-Resiliencia-Sismica_VFinal.pdf\">Circular Interna: Resili\u00eancia S\u00edsmica\u00a0<\/a><\/span><\/p>\n<p><a href=\"https:\/\/www.pnrrc.pt\/wp-content\/uploads\/2024\/04\/Cartaz-e-programa.pdf\"><span style=\"color: #0000ff;\"><span style=\"color: #000000;\">+<\/span> Programa a a\u00e7\u00e3o de forma\u00e7\u00e3o: &#8221; Risco de c\u00e1tastrofe, medidas de autoprotre\u00e7\u00e3o e apoio \u00e0 popula\u00e7\u00e3o&#8221;<\/span><\/a><\/p>\n<p><span style=\"color: #0000ff;\"><span style=\"color: #000000;\"> +<\/span>\u00a0<a style=\"color: #0000ff;\" href=\"https:\/\/www.pnrrc.pt\/wp-content\/uploads\/2015\/10\/Cidades_Resilientes_em_Portugal_2015_PNRRC.pdf\">Cidades Resilientes em Portugal<\/a>\u00a02015<\/span><\/p>\n<p><span style=\"color: #0000ff;\"><span style=\"color: #000000;\">+<\/span>\u00a0<a style=\"color: #0000ff;\" href=\"http:\/\/www.prociv.pt\/bk\/RISCOSPREV\/REDRISCOCATASTROFE\/Documents\/Cidades_Resilientes_em_Portugal_2016_PNRRC.pdf\">Cidades Resilientes em Portugal\u00a02016<\/a><\/span><\/p>\n<p><span style=\"color: #0000ff;\"><span style=\"color: #000000;\">+<\/span><a href=\"https:\/\/prociv.gov.pt\/pt\/documentacao\/cidades-resilientes-em-portugal-2018\/\" target=\"_blank\" rel=\"noopener\">\u00a0Cidades Resilientes em Portugal 2018<\/a><\/span><\/p>\n<p><span style=\"color: #0000ff;\"><span style=\"color: #000000;\">+<\/span>\u00a0<a style=\"color: #0000ff;\" href=\"https:\/\/prociv.gov.pt\/pt\/documentacao\/gestao-do-risco-de-inundacao\/\" target=\"_blank\" rel=\"noopener\">Documento de Apoio a\u00a0Boas Pr\u00e1ticas na Gest\u00e3o do Risco de Inunda\u00e7\u00e3o<\/a><\/span><\/p>\n<p><span style=\"color: #0000ff;\"><span style=\"color: #000000;\">+<\/span>\u00a0<a style=\"color: #0000ff;\" href=\"https:\/\/prociv.gov.pt\/pt\/documentacao\/boas-praticas-de-resiliencia-em-infraestruturas-criticas-setor-privado-e-empresarial-do-estado\/\" target=\"_blank\" rel=\"noopener\">Manual de Boas Pr\u00e1ticas de Resili\u00eancia de Infraestruturas Cr\u00edticas &#8211; Setor Privado e Setor Empresarial do Estado<\/a><\/span><\/p>\n<p><span style=\"color: #0000ff;\"><span style=\"color: #000000;\">+<\/span> <a href=\"https:\/\/prociv.gov.pt\/pt\/documentacao\/caderno-tecnico-27\/\" target=\"_blank\" rel=\"noopener\">Guia \u00a0de Orienta\u00e7\u00e3o para a Constitui\u00e7\u00e3o de Plataformas Locais para a Redu\u00e7\u00e3o do Risco de Cat\u00e1strofes<\/a><\/span><\/p>\n","protected":false},"excerpt":{"rendered":"<p>S\u00e3o disponibilizadas nesta sec\u00e7\u00e3o todas as publica\u00e7\u00f5es editadas pela PNRRC, ou cuja edi\u00e7\u00e3o foi apoiada pela mesma. Poder\u00e3o ser tamb\u00e9m disponibilizadas outras publica\u00e7\u00f5es, de outras entidades, que sejam consideradas como relevantes neste \u00e2mbito. + Abordagem de p\u00fablicos com necessidades espec\u00edficas<\/p>\n","protected":false},"author":2,"featured_media":0,"parent":0,"menu_order":0,"comment_status":"closed","ping_status":"closed","template":"","meta":[],"_links":{"self":[{"href":"https:\/\/www.pnrrc.pt\/index.php\/wp-json\/wp\/v2\/pages\/402"}],"collection":[{"href":"https:\/\/www.pnrrc.pt\/index.php\/wp-json\/wp\/v2\/pages"}],"about":[{"href":"https:\/\/www.pnrrc.pt\/index.php\/wp-json\/wp\/v2\/types\/page"}],"author":[{"embeddable":true,"href":"https:\/\/www.pnrrc.pt\/index.php\/wp-json\/wp\/v2\/users\/2"}],"replies":[{"embeddable":true,"href":"https:\/\/www.pnrrc.pt\/index.php\/wp-json\/wp\/v2\/comments?post=402"}],"version-history":[{"count":53,"href":"https:\/\/www.pnrrc.pt\/index.php\/wp-json\/wp\/v2\/pages\/402\/revisions"}],"predecessor-version":[{"id":2338,"href":"https:\/\/www.pnrrc.pt\/index.php\/wp-json\/wp\/v2\/pages\/402\/revisions\/2338"}],"wp:attachment":[{"href":"https:\/\/www.pnrrc.pt\/index.php\/wp-json\/wp\/v2\/media?parent=402"}],"curies":[{"name":"wp","href":"https:\/\/api.w.org\/{rel}","templated":true}]}}