
{"id":20,"date":"2015-09-17T11:29:51","date_gmt":"2015-09-17T11:29:51","guid":{"rendered":"http:\/\/www.pnrrc.pt\/?page_id=20"},"modified":"2015-10-09T11:58:17","modified_gmt":"2015-10-09T11:58:17","slug":"elementos-constituintes","status":"publish","type":"page","link":"https:\/\/www.pnrrc.pt\/index.php\/inicio\/elementos-constituintes\/","title":{"rendered":"Elementos Constituintes"},"content":{"rendered":"<p style=\"text-align: justify;\"><span style=\"color: #000000;\">A composi\u00e7\u00e3o da Plataforma Nacional para a Redu\u00e7\u00e3o do Risco de Cat\u00e1strofes \u00e9 definida pela Lei n\u00ba 80\/2015, de 3 de Agosto, que por sua vez elenca a constitui\u00e7\u00e3o da Comiss\u00e3o Nacional de Prote\u00e7\u00e3o Civil (CNPC).<\/span><\/p>\n<p style=\"text-align: justify;\"><span style=\"color: #000000;\">A CNPC\u00a0\u00e9 presidida pelo Ministro da Administra\u00e7\u00e3o Interna e nela t\u00eam assento as\u00a0seguintes entidades:<\/span><\/p>\n<ul style=\"text-align: justify;\">\n<li><span style=\"color: #000000;\">Os diversos\u00a0minist\u00e9rios que constituem o Governo da Rep\u00fablica;<\/span><\/li>\n<li><span style=\"color: #000000;\">Os Governos Regionais dos A\u00e7ores e Madeira;<\/span><\/li>\n<li><span style=\"color: #000000;\">O Presidente da Autoridade Nacional de Prote\u00e7\u00e3o Civil;<\/span><\/li>\n<li><span style=\"color: #000000;\">A Associa\u00e7\u00e3o Nacional de Munic\u00edpios Portugueses;<\/span><\/li>\n<li><span style=\"color: #000000;\">A Associa\u00e7\u00e3o Nacional de Freguesias; <\/span><\/li>\n<li><span style=\"color: #000000;\">A\u00a0Liga dos Bombeiros Portugueses;<\/span><\/li>\n<li><span style=\"color: #000000;\">A Associa\u00e7\u00e3o Nacional dos Bombeiros Profissionais;<\/span><\/li>\n<li><span style=\"color: #000000;\">O\u00a0Estado-Maior-General das For\u00e7as Armadas;<\/span><\/li>\n<li><span style=\"color: #000000;\">A Guarda Nacional Republicana;<\/span><\/li>\n<li><span style=\"color: #000000;\">A Pol\u00edcia de Seguran\u00e7a P\u00fablica;<\/span><\/li>\n<li><span style=\"color: #000000;\">A Pol\u00edcia Judici\u00e1ria;<\/span><\/li>\n<li><span style=\"color: #000000;\">O Gabinete Coordenador de Seguran\u00e7a;<\/span><\/li>\n<li><span style=\"color: #000000;\">A Autoridade Mar\u00edtima Nacional;<\/span><\/li>\n<li><span style=\"color: #000000;\">A Autoridade Nacional da Avia\u00e7\u00e3o Civil;<\/span><\/li>\n<li><span style=\"color: #000000;\">O Instituto Nacional de Emerg\u00eancia M\u00e9dica.<\/span><\/li>\n<\/ul>\n<p style=\"text-align: justify;\"><span style=\"color: #000000;\">O presidente da CNPC, quando o considerar conveniente, pode convidar a participar nas reuni\u00f5es da Comiss\u00e3o outras entidades que, pelas suas capacidades t\u00e9cnicas, cient\u00edficas ou outras, possam ser relevantes para a tomada de decis\u00f5es, no \u00e2mbito das pol\u00edticas de prote\u00e7\u00e3o civil.<\/span><\/p>\n<p style=\"text-align: justify;\"><span style=\"color: #000000;\"> O secretariado e demais apoio \u00e0s reuni\u00f5es da Comiss\u00e3o s\u00e3o assegurados pela Autoridade Nacional de Prote\u00e7\u00e3o Civil.<\/span><\/p>\n<p style=\"text-align: justify;\"><span style=\"color: #000000;\">Os representantes das entidades que integram a CNPC\u00a0n\u00e3o t\u00eam, pelo exerc\u00edcio destas fun\u00e7\u00f5es, direito a receber qualquer tipo de remunera\u00e7\u00e3o ou abono.<\/span><\/p>\n<p style=\"text-align: justify;\"><span style=\"color: #000000;\">\u00a0<\/span><\/p>\n","protected":false},"excerpt":{"rendered":"<p>A composi\u00e7\u00e3o da Plataforma Nacional para a Redu\u00e7\u00e3o do Risco de Cat\u00e1strofes \u00e9 definida pela Lei n\u00ba 80\/2015, de 3 de Agosto, que por sua vez elenca a constitui\u00e7\u00e3o da Comiss\u00e3o Nacional de Prote\u00e7\u00e3o Civil (CNPC). A CNPC\u00a0\u00e9 presidida pelo<\/p>\n","protected":false},"author":7,"featured_media":0,"parent":10,"menu_order":0,"comment_status":"closed","ping_status":"closed","template":"","meta":[],"_links":{"self":[{"href":"https:\/\/www.pnrrc.pt\/index.php\/wp-json\/wp\/v2\/pages\/20"}],"collection":[{"href":"https:\/\/www.pnrrc.pt\/index.php\/wp-json\/wp\/v2\/pages"}],"about":[{"href":"https:\/\/www.pnrrc.pt\/index.php\/wp-json\/wp\/v2\/types\/page"}],"author":[{"embeddable":true,"href":"https:\/\/www.pnrrc.pt\/index.php\/wp-json\/wp\/v2\/users\/7"}],"replies":[{"embeddable":true,"href":"https:\/\/www.pnrrc.pt\/index.php\/wp-json\/wp\/v2\/comments?post=20"}],"version-history":[{"count":10,"href":"https:\/\/www.pnrrc.pt\/index.php\/wp-json\/wp\/v2\/pages\/20\/revisions"}],"predecessor-version":[{"id":361,"href":"https:\/\/www.pnrrc.pt\/index.php\/wp-json\/wp\/v2\/pages\/20\/revisions\/361"}],"up":[{"embeddable":true,"href":"https:\/\/www.pnrrc.pt\/index.php\/wp-json\/wp\/v2\/pages\/10"}],"wp:attachment":[{"href":"https:\/\/www.pnrrc.pt\/index.php\/wp-json\/wp\/v2\/media?parent=20"}],"curies":[{"name":"wp","href":"https:\/\/api.w.org\/{rel}","templated":true}]}}