
{"id":179,"date":"2015-10-07T12:57:00","date_gmt":"2015-10-07T12:57:00","guid":{"rendered":"http:\/\/www.pnrrc.pt\/?page_id=179"},"modified":"2015-10-09T11:53:53","modified_gmt":"2015-10-09T11:53:53","slug":"enquadramento","status":"publish","type":"page","link":"https:\/\/www.pnrrc.pt\/index.php\/enquadramento\/","title":{"rendered":"Enquadramento"},"content":{"rendered":"<p style=\"text-align: justify;\"><span style=\"color: #000000;\">As Na\u00e7\u00f5es Unidas aprovaram, em 2000, a Estrat\u00e9gia Internacional para a Redu\u00e7\u00e3o de Cat\u00e1strofes (International Strategy for Disaster Reduction \u2013 ISDR), com o objectivo de promover o aumento da resili\u00eancia das comunidades face \u00e0 ocorr\u00eancia de cat\u00e1strofes.<\/span><\/p>\n<p style=\"text-align: justify;\"><span style=\"color: #000000;\">Desde 2001 que a Autoridade Nacional de Protec\u00e7\u00e3o Civil (\u00e0 data, o Servi\u00e7o Nacional de Protec\u00e7\u00e3o Civil) est\u00e1 designada como Ponto Focal Nacional para efeitos da ISDR.<\/span><\/p>\n<p style=\"text-align: justify;\"><span style=\"color: #000000;\">Na sequ\u00eancia da implementa\u00e7\u00e3o da referida Estrat\u00e9gia, em 2005 foi realizada em Kobe, Jap\u00e3o, a 2\u00aa Confer\u00eancia Mundial de Redu\u00e7\u00e3o de Cat\u00e1strofes, onde Portugal participou e onde foi aprovada a Declara\u00e7\u00e3o de Hyogo e o Quadro de Ac\u00e7\u00e3o de Hyogo 2005-2015 (Hyogo Framework of Action \u2013 HFA).<\/span><\/p>\n<p style=\"text-align: justify;\"><span style=\"color: #000000;\">Portugal, de modo a dar cumprimento \u00e0s recomenda\u00e7\u00f5es do Quadro de Ac\u00e7\u00e3o de Hyogo , constituiu formalmente, em 31.MAI.2010, a <strong>Plataforma Nacional para a Redu\u00e7\u00e3o do Risco de Cat\u00e1strofes (PNRRC),<\/strong> <strong>no seio da Comiss\u00e3o Nacional de Protec\u00e7\u00e3o Civil<\/strong>.<\/span><\/p>\n<p style=\"text-align: justify;\"><span style=\"color: #000000;\"><strong>A Comiss\u00e3o Nacional de Protec\u00e7\u00e3o Civil \u00e9 o \u00f3rg\u00e3o de coordena\u00e7\u00e3o em mat\u00e9ria de protec\u00e7\u00e3o civil<\/strong>, e tem como compet\u00eancias:<\/span><\/p>\n<ul style=\"text-align: justify;\">\n<li><span style=\"color: #000000;\">Garantir a concretiza\u00e7\u00e3o das linhas gerais da pol\u00edtica governamental de protec\u00e7\u00e3o civil em todos os servi\u00e7os da administra\u00e7\u00e3o; <\/span><\/li>\n<li><span style=\"color: #000000;\">Apreciar as bases gerais da organiza\u00e7\u00e3o e do funcionamento dos organismos e servi\u00e7os que, directa ou indirectamente, desempenhem fun\u00e7\u00f5es de protec\u00e7\u00e3o civil;<\/span><\/li>\n<li><span style=\"color: #000000;\">Apreciar os acordos ou conven\u00e7\u00f5es sobre coopera\u00e7\u00e3o internacional em mat\u00e9ria de protec\u00e7\u00e3o civil; <\/span><\/li>\n<li><span style=\"color: #000000;\">Aprovar os planos de emerg\u00eancia de protec\u00e7\u00e3o civil;<\/span><\/li>\n<li><span style=\"color: #000000;\">Dar parecer sobre os planos de emerg\u00eancia de protec\u00e7\u00e3o civil de \u00e2mbito nacional e regional; <\/span><\/li>\n<li><span style=\"color: #000000;\"><span style=\"line-height: 1.5;\">Adoptar mecanismos de colabora\u00e7\u00e3o institucional entre todos os organismos e servi\u00e7os com responsabilidades no dom\u00ednio da protec\u00e7\u00e3o civil, bem como formas de coordena\u00e7\u00e3o t\u00e9cnica e operacional da actividade por aqueles desenvolvida, no \u00e2mbito espec\u00edfico das respectivas atribui\u00e7\u00f5es estatut\u00e1rias; <\/span><\/span><\/li>\n<li><span style=\"color: #000000;\">Proceder ao reconhecimento dos crit\u00e9rios e normas t\u00e9cnicas sobre a organiza\u00e7\u00e3o do invent\u00e1rio de recursos e meios, p\u00fablicos e privados, mobiliz\u00e1veis ao n\u00edvel local, distrital, regional ou nacional, em caso de acidente grave ou cat\u00e1strofe;<\/span><\/li>\n<li><span style=\"line-height: 1.5; color: #000000;\">Definir os crit\u00e9rios e as normas t\u00e9cnicas sobre a elabora\u00e7\u00e3o e operacionaliza\u00e7\u00e3o de planos de emerg\u00eancia de protec\u00e7\u00e3o civil;<\/span><\/li>\n<li><span style=\"color: #000000;\">Definir as prioridades e objectivos a estabelecer com vista ao escalonamento de esfor\u00e7os dos organismos e estruturas com responsabilidades no dom\u00ednio da protec\u00e7\u00e3o civil, relativamente \u00e0 sua prepara\u00e7\u00e3o e participa\u00e7\u00e3o em tarefas comuns de protec\u00e7\u00e3o civil;<\/span><\/li>\n<li><span style=\"color: #000000;\">Aprovar e acompanhar as iniciativas p\u00fablicas tendentes \u00e0 divulga\u00e7\u00e3o das finalidades da prote\u00e7\u00e3o civil e \u00e0 sensibiliza\u00e7\u00e3o dos cidad\u00e3os para a auto-protec\u00e7\u00e3o e para a colabora\u00e7\u00e3o a prestar aos organismos e agentes que exercem aquela actividade;<\/span><\/li>\n<li><span style=\"color: #000000;\">Apreciar e aprovar as formas de coopera\u00e7\u00e3o externa que os organismos e estruturas do sistema de protec\u00e7\u00e3o civil desenvolvem nos dom\u00ednios das suas atribui\u00e7\u00f5es e compet\u00eancias espec\u00edficas;<\/span><\/li>\n<li><span style=\"color: #000000;\">Determinar o accionamento dos planos de emerg\u00eancia de protec\u00e7\u00e3o civil de \u00e2mbito nacional ou supra-distrital e desencadear as ac\u00e7\u00f5es neles previstas;<\/span><\/li>\n<li><span style=\"color: #000000;\">Possibilitar a mobiliza\u00e7\u00e3o r\u00e1pida e eficiente das organiza\u00e7\u00f5es e pessoal indispens\u00e1veis e dos meios dispon\u00edveis que permitam a conduta coordenada das ac\u00e7\u00f5es a executar;\u00a0<\/span><\/li>\n<li><span style=\"color: #000000;\">Formular junto do Governo pedidos de aux\u00edlio a outros pa\u00edses e \u00e0s organiza\u00e7\u00f5es internacionais, atrav\u00e9s dos \u00f3rg\u00e3os competentes; <\/span><\/li>\n<li><span style=\"color: #000000;\">Promover a realiza\u00e7\u00e3o de exerc\u00edcios, simulacros ou treinos operacionais que contribuam para a efic\u00e1cia de todos os servi\u00e7os intervenientes em ac\u00e7\u00f5es de protec\u00e7\u00e3o civil; <\/span><\/li>\n<li><span style=\"color: #000000;\">Difundir os comunicados oficiais que se mostrem adequados \u00e0s situa\u00e7\u00f5es previstas na presente lei<\/span><\/li>\n<\/ul>\n<p style=\"text-align: justify;\"><strong><span style=\"color: #000000;\">A Comiss\u00e3o assiste o Primeiro -Ministro e o Governo no exerc\u00edcio das suas compet\u00eancias em mat\u00e9ria de protec\u00e7\u00e3o civil<\/span><\/strong><\/p>\n<p>&nbsp;<\/p>\n","protected":false},"excerpt":{"rendered":"<p>As Na\u00e7\u00f5es Unidas aprovaram, em 2000, a Estrat\u00e9gia Internacional para a Redu\u00e7\u00e3o de Cat\u00e1strofes (International Strategy for Disaster Reduction \u2013 ISDR), com o objectivo de promover o aumento da resili\u00eancia das comunidades face \u00e0 ocorr\u00eancia de cat\u00e1strofes. Desde 2001 que<\/p>\n","protected":false},"author":2,"featured_media":0,"parent":0,"menu_order":0,"comment_status":"closed","ping_status":"closed","template":"","meta":[],"_links":{"self":[{"href":"https:\/\/www.pnrrc.pt\/index.php\/wp-json\/wp\/v2\/pages\/179"}],"collection":[{"href":"https:\/\/www.pnrrc.pt\/index.php\/wp-json\/wp\/v2\/pages"}],"about":[{"href":"https:\/\/www.pnrrc.pt\/index.php\/wp-json\/wp\/v2\/types\/page"}],"author":[{"embeddable":true,"href":"https:\/\/www.pnrrc.pt\/index.php\/wp-json\/wp\/v2\/users\/2"}],"replies":[{"embeddable":true,"href":"https:\/\/www.pnrrc.pt\/index.php\/wp-json\/wp\/v2\/comments?post=179"}],"version-history":[{"count":10,"href":"https:\/\/www.pnrrc.pt\/index.php\/wp-json\/wp\/v2\/pages\/179\/revisions"}],"predecessor-version":[{"id":359,"href":"https:\/\/www.pnrrc.pt\/index.php\/wp-json\/wp\/v2\/pages\/179\/revisions\/359"}],"wp:attachment":[{"href":"https:\/\/www.pnrrc.pt\/index.php\/wp-json\/wp\/v2\/media?parent=179"}],"curies":[{"name":"wp","href":"https:\/\/api.w.org\/{rel}","templated":true}]}}