
{"id":1364,"date":"2019-11-18T16:35:20","date_gmt":"2019-11-18T16:35:20","guid":{"rendered":"http:\/\/www.pnrrc.pt\/?page_id=1364"},"modified":"2019-12-06T12:20:46","modified_gmt":"2019-12-06T12:20:46","slug":"reunioes","status":"publish","type":"page","link":"https:\/\/www.pnrrc.pt\/index.php\/reunioes\/","title":{"rendered":"Reuni\u00f5es"},"content":{"rendered":"<p><span style=\"color: #000000;\">As reuni\u00f5es da Sub-Comiss\u00e3o t\u00eam um car\u00e1cter semestral, decorrendo geralmente na sede da ANEPC em Carnaxide. <\/span><\/p>\n<p><span style=\"color: #000000;\">Aqui pode encontrar para visualiza\u00e7\u00e3o ou download os ficheiros referentes \u00e0s atas dessas reuni\u00f5es e eventualmente outras informa\u00e7\u00f5es complementares como apresenta\u00e7\u00f5es e outros documentos acess\u00f3rios. <\/span><\/p>\n<p><span style=\"color: #000000;\">Relembramos que a ata de uma reuni\u00e3o \u00e9 um documento que procura resumir o que de essencial nela se tiver passado, indicando, designadamente, a data e o local da sess\u00e3o ou reuni\u00e3o, os membros presentes e ausentes, os assuntos apreciados, as decis\u00f5es e delibera\u00e7\u00f5es tomadas e a forma e o resultado das respetivas vota\u00e7\u00f5es.<\/span><\/p>\n<p>&nbsp;<\/p>\n<p><span style=\"color: #000000;\"><strong><a href=\"https:\/\/drive.google.com\/open?id=1iHNHZ6mk273s3_xRGyg3Ji_PoJCKQduJ\">Reuni\u00e3o n\u00ba01 &#8211; 31\/03\/2014<\/a><\/strong><\/span><\/p>\n<p><span style=\"color: #000000;\"><strong><a href=\"https:\/\/drive.google.com\/open?id=1XStPwh6-uZZC1qIROHDcnU_wklchir2Q\">Reuni\u00e3o n\u00ba02 &#8211; 17\/09\/2014<\/a><\/strong><\/span><\/p>\n<p><span style=\"color: #000000;\"><strong><a href=\"https:\/\/drive.google.com\/open?id=1N5O2ZMssMPwsk7TjXyp274gsdORp0BDk\">Reuni\u00e3o n\u00ba03 &#8211; 24\/02\/2015<\/a><\/strong><\/span><\/p>\n<p><span style=\"color: #000000;\"><strong><a href=\"https:\/\/drive.google.com\/open?id=1QQjSmCd5xHrrKlAi6YIDLRsPb_g97z4o\">Reuni\u00e3o n\u00ba04 &#8211; 30\/06\/2015<\/a><\/strong><\/span><\/p>\n<p><span style=\"color: #000000;\"><strong><a href=\"https:\/\/drive.google.com\/open?id=1_Bt3YyNheK574cwNG1hmoEjr-ExLhOSo\">Reuni\u00e3o n\u00ba05 &#8211; 18\/05\/2016<\/a><\/strong><\/span><\/p>\n<p><span style=\"color: #000000;\"><strong><a href=\"https:\/\/drive.google.com\/open?id=17Fg-sHFoN6AIWolTKpynR8A0JOG9Z-Dr\">Reuni\u00e3o n\u00ba06 &#8211; 13\/12\/2016<\/a><\/strong><\/span><\/p>\n<p><span style=\"color: #000000;\"><strong><a href=\"https:\/\/drive.google.com\/open?id=12h4wEpAeLdJVllxGxtnny5WgU3HUS9rs\">Reuni\u00e3o n\u00ba07 &#8211; 12\/07\/2017<\/a><\/strong><\/span><\/p>\n<p><span style=\"color: #000000;\"><strong><a href=\"https:\/\/drive.google.com\/open?id=1aAqRWdnQHdceOWd3i49NG-1sha4sMiMG\">Reuni\u00e3o n\u00ba08 &#8211; 06\/06\/2018<\/a><\/strong><\/span><\/p>\n<p><span style=\"color: #000000;\"><strong><a href=\"https:\/\/drive.google.com\/open?id=1bRme721SkvkgiMVGX--rcvFVhhfmb-9v\">Reuni\u00e3o n\u00ba09 &#8211; 27\/03\/2019<\/a> <\/strong><\/span><\/p>\n<p><span style=\"color: #000000;\"><strong><a href=\"https:\/\/drive.google.com\/open?id=1ezvtkeFdf3ub9px2oiE_cP6Uny4XcUD-\">Reuni\u00e3o n\u00ba10 &#8211; 05\/12\/2019<\/a><\/strong><\/span><\/p>\n<p>&nbsp;<\/p>\n<p>&nbsp;<\/p>\n","protected":false},"excerpt":{"rendered":"<p>As reuni\u00f5es da Sub-Comiss\u00e3o t\u00eam um car\u00e1cter semestral, decorrendo geralmente na sede da ANEPC em Carnaxide. Aqui pode encontrar para visualiza\u00e7\u00e3o ou download os ficheiros referentes \u00e0s atas dessas reuni\u00f5es e eventualmente outras informa\u00e7\u00f5es complementares como apresenta\u00e7\u00f5es e outros documentos<\/p>\n","protected":false},"author":2,"featured_media":0,"parent":0,"menu_order":0,"comment_status":"closed","ping_status":"closed","template":"","meta":[],"_links":{"self":[{"href":"https:\/\/www.pnrrc.pt\/index.php\/wp-json\/wp\/v2\/pages\/1364"}],"collection":[{"href":"https:\/\/www.pnrrc.pt\/index.php\/wp-json\/wp\/v2\/pages"}],"about":[{"href":"https:\/\/www.pnrrc.pt\/index.php\/wp-json\/wp\/v2\/types\/page"}],"author":[{"embeddable":true,"href":"https:\/\/www.pnrrc.pt\/index.php\/wp-json\/wp\/v2\/users\/2"}],"replies":[{"embeddable":true,"href":"https:\/\/www.pnrrc.pt\/index.php\/wp-json\/wp\/v2\/comments?post=1364"}],"version-history":[{"count":14,"href":"https:\/\/www.pnrrc.pt\/index.php\/wp-json\/wp\/v2\/pages\/1364\/revisions"}],"predecessor-version":[{"id":1418,"href":"https:\/\/www.pnrrc.pt\/index.php\/wp-json\/wp\/v2\/pages\/1364\/revisions\/1418"}],"wp:attachment":[{"href":"https:\/\/www.pnrrc.pt\/index.php\/wp-json\/wp\/v2\/media?parent=1364"}],"curies":[{"name":"wp","href":"https:\/\/api.w.org\/{rel}","templated":true}]}}