
{"id":129,"date":"2015-10-07T09:41:03","date_gmt":"2015-10-07T09:41:03","guid":{"rendered":"http:\/\/www.pnrrc.pt\/?page_id=129"},"modified":"2023-03-09T15:30:32","modified_gmt":"2023-03-09T15:30:32","slug":"entidades-constituintes","status":"publish","type":"page","link":"https:\/\/www.pnrrc.pt\/index.php\/entidades-constituintes\/","title":{"rendered":"Entidades Constituintes"},"content":{"rendered":"<p style=\"text-align: justify;\"><span style=\"color: #000000;\">A Sub-Comiss\u00e3o da Comiss\u00e3o Nacional de Prote\u00e7\u00e3o Civil integra representantes de cerca de 40 entidades da administra\u00e7\u00e3o p\u00fablica, munic\u00edpios, sector privado, universidades e ordens profissionais.<\/span><\/p>\n<p>&nbsp;<\/p>\n<p><span style=\"color: #000000;\"><strong>A Sub-Comiss\u00e3o\u00a0\u00e9 constitu\u00edda pelas seguintes Entidades:<\/strong><\/span><\/p>\n<ul>\n<li><span style=\"color: #000000;\">Ag\u00eancia Portuguesa do Ambiente<\/span><\/li>\n<li><span style=\"color: #000000;\">Alto Comissariado para as Migra\u00e7\u00f5es<\/span><\/li>\n<li><span style=\"color: #000000;\">Associa\u00e7\u00e3o Insular de Geografia<\/span><\/li>\n<li><span style=\"color: #000000;\">Associa\u00e7\u00e3o Nacional de Munic\u00edpios Portugueses<\/span><\/li>\n<li><span style=\"color: #000000;\">Associa\u00e7\u00e3o Nacional dos Bombeiros Profissionais<\/span><\/li>\n<li><span style=\"color: #000000;\">Associa\u00e7\u00e3o Portuguesa de Seguradores<\/span><\/li>\n<li><span style=\"color: #000000;\">Autoridade Nacional de Emerg\u00eancia e Prote\u00e7\u00e3o Civil<\/span><\/li>\n<li><span style=\"color: #000000;\">Caixa Geral de Dep\u00f3sitos<\/span><\/li>\n<li><span style=\"color: #000000;\">C\u00e2mara Municipal da Amadora<\/span><\/li>\n<li><span style=\"color: #000000;\">C\u00e2mara Municipal de Cascais<\/span><\/li>\n<li><span style=\"color: #000000;\">C\u00e2mara Municipal do Funchal<\/span><\/li>\n<li><span style=\"color: #000000;\">C\u00e2mara Municipal de Lisboa<\/span><\/li>\n<li><span style=\"color: #000000;\">C\u00e2mara Municipal de Set\u00fabal<\/span><\/li>\n<li><span style=\"color: #000000;\">C\u00e2mara Municipal de Torres Vedras<\/span><\/li>\n<li><span style=\"color: #000000;\">C\u00e2mara Municipal de Odivelas<\/span><\/li>\n<li><span style=\"color: #000000;\">Centro de Estudos Sociais\u00a0 \u2013 Universidade de Coimbra<\/span><\/li>\n<li><span style=\"color: #000000;\">Comiss\u00e3o para a Cidadania e a Igualdade de G\u00e9nero<\/span><\/li>\n<li><span style=\"color: #000000;\">Dire\u00e7\u00e3o-Geral do Patrim\u00f3nio Cultural<\/span><\/li>\n<li><span style=\"color: #000000;\">Dire\u00e7\u00e3o-Geral da Autoridade Mar\u00edtima<\/span><\/li>\n<li><span style=\"color: #000000;\">Dire\u00e7\u00e3o-Geral das Atividades Econ\u00f3micas<\/span><\/li>\n<li><span style=\"color: #000000;\">Dire\u00e7\u00e3o-Geral de Estabelecimentos Escolares<\/span><\/li>\n<li><span style=\"color: #000000;\">Dire\u00e7\u00e3o-Geral da Sa\u00fade<\/span><\/li>\n<li><span style=\"color: #000000;\">Dire\u00e7\u00e3o-Geral do Territ\u00f3rio<\/span><\/li>\n<li><span style=\"color: #000000;\">EDP \u2013 Energias de Portugal<\/span><\/li>\n<li><span style=\"color: #000000;\">EPAL<\/span><\/li>\n<li><span style=\"color: #000000;\">E-REDES<\/span><\/li>\n<li><span style=\"color: #000000;\">Estado-Maior General das For\u00e7as Armadas<\/span><\/li>\n<li><span style=\"color: #000000;\">Faculdade de Engenharia da Universidade do Porto<\/span><\/li>\n<li><span style=\"color: #000000;\">Galp Energia<\/span><\/li>\n<li><span style=\"color: #000000;\">Guarda Nacional Republicana<\/span><\/li>\n<li><span style=\"color: #000000;\">Infraestruturas de Portugal<\/span><\/li>\n<li><span style=\"color: #000000;\">Instituto da Conserva\u00e7\u00e3o da Natureza e das Florestas<\/span><\/li>\n<li><span style=\"color: #000000;\">Instituto Nacional de Emerg\u00eancia M\u00e9dica<\/span><\/li>\n<li><span style=\"color: #000000;\">Instituto Nacional para a Reabilita\u00e7\u00e3o<\/span><\/li>\n<li><span style=\"color: #000000;\">Instituto Portugu\u00eas do Mar e Atmosfera<\/span><\/li>\n<li><span style=\"color: #000000;\">Instituto Superior T\u00e9cnico<\/span><\/li>\n<li><span style=\"color: #000000;\">Liga dos Bombeiros Portugueses<\/span><\/li>\n<li><span style=\"color: #000000;\">NOS<\/span><\/li>\n<li><span style=\"color: #000000;\">Ordem dos Arquitetos<\/span><\/li>\n<li><span style=\"color: #000000;\">Ordem dos Engenheiros<\/span><\/li>\n<li><span style=\"color: #000000;\">Ordem Engenheiros T\u00e9cnicos<\/span><\/li>\n<li><span style=\"color: #000000;\">Pol\u00edcia de Seguran\u00e7a P\u00fablica<\/span><\/li>\n<li><span style=\"color: #000000;\">Servi\u00e7o Regional de Prote\u00e7\u00e3o Civil da Madeira<\/span><\/li>\n<li><span style=\"color: #000000;\">Servi\u00e7o Regional de Prote\u00e7\u00e3o Civil e Bombeiros dos A\u00e7ores<\/span><\/li>\n<li><span style=\"color: #000000;\">Sistema de Seguran\u00e7a Interna<\/span><\/li>\n<li><span style=\"color: #000000;\">SONAE<\/span><\/li>\n<\/ul>\n<p style=\"text-align: right;\">\n","protected":false},"excerpt":{"rendered":"<p>A Sub-Comiss\u00e3o da Comiss\u00e3o Nacional de Prote\u00e7\u00e3o Civil integra representantes de cerca de 40 entidades da administra\u00e7\u00e3o p\u00fablica, munic\u00edpios, sector privado, universidades e ordens profissionais. &nbsp; A Sub-Comiss\u00e3o\u00a0\u00e9 constitu\u00edda pelas seguintes Entidades: Ag\u00eancia Portuguesa do Ambiente Alto Comissariado para as<\/p>\n","protected":false},"author":2,"featured_media":0,"parent":0,"menu_order":0,"comment_status":"closed","ping_status":"closed","template":"","meta":[],"_links":{"self":[{"href":"https:\/\/www.pnrrc.pt\/index.php\/wp-json\/wp\/v2\/pages\/129"}],"collection":[{"href":"https:\/\/www.pnrrc.pt\/index.php\/wp-json\/wp\/v2\/pages"}],"about":[{"href":"https:\/\/www.pnrrc.pt\/index.php\/wp-json\/wp\/v2\/types\/page"}],"author":[{"embeddable":true,"href":"https:\/\/www.pnrrc.pt\/index.php\/wp-json\/wp\/v2\/users\/2"}],"replies":[{"embeddable":true,"href":"https:\/\/www.pnrrc.pt\/index.php\/wp-json\/wp\/v2\/comments?post=129"}],"version-history":[{"count":36,"href":"https:\/\/www.pnrrc.pt\/index.php\/wp-json\/wp\/v2\/pages\/129\/revisions"}],"predecessor-version":[{"id":2244,"href":"https:\/\/www.pnrrc.pt\/index.php\/wp-json\/wp\/v2\/pages\/129\/revisions\/2244"}],"wp:attachment":[{"href":"https:\/\/www.pnrrc.pt\/index.php\/wp-json\/wp\/v2\/media?parent=129"}],"curies":[{"name":"wp","href":"https:\/\/api.w.org\/{rel}","templated":true}]}}