
{"id":1047,"date":"2019-01-07T11:20:44","date_gmt":"2019-01-07T11:20:44","guid":{"rendered":"http:\/\/www.pnrrc.pt\/?page_id=1047"},"modified":"2021-07-28T14:01:32","modified_gmt":"2021-07-28T14:01:32","slug":"persistah","status":"publish","type":"page","link":"https:\/\/www.pnrrc.pt\/index.php\/persistah\/","title":{"rendered":"Avalia\u00e7\u00e3o da Seguran\u00e7a de Estruturas de Ensino"},"content":{"rendered":"<p><a href=\"http:\/\/poctep.eu\/es\/2014-2020\/projetos-de-escolas-resilientes-aos-sismos-no-territ%C3%B3rio-do-algarve-e-de-huelva\"><img decoding=\"async\" loading=\"lazy\" class=\"wp-image-1048 aligncenter\" src=\"https:\/\/www.pnrrc.pt\/wp-content\/uploads\/2019\/01\/persistah.png\" alt=\"\" width=\"451\" height=\"173\" srcset=\"https:\/\/www.pnrrc.pt\/wp-content\/uploads\/2019\/01\/persistah.png 662w, https:\/\/www.pnrrc.pt\/wp-content\/uploads\/2019\/01\/persistah-300x115.png 300w\" sizes=\"(max-width: 451px) 100vw, 451px\" \/><\/a><\/p>\n<h2 style=\"text-align: center;\"><span style=\"color: #3366ff;\"><strong>Projetos de\u00a0Escolas\u00a0Resilientes aos\u00a0SISmos no\u00a0Territ\u00f3rio do\u00a0Algarve e de\u00a0Huelva<\/strong><\/span><\/h2>\n<h2 style=\"text-align: center;\"><a href=\"https:\/\/www.pnrrc.pt\/wp-content\/uploads\/2020\/10\/persistah_comunicacao.mp4\" target=\"_blank\" rel=\"noopener noreferrer\"><span style=\"color: #1adb7e;\"><strong>Ver Resumo do Projeto (filme)<\/strong><\/span><strong><span style=\"color: #1adb7e;\">\u00a0<\/span><\/strong><\/a><\/h2>\n<p><img decoding=\"async\" loading=\"lazy\" class=\"aligncenter wp-image-1070\" src=\"https:\/\/www.pnrrc.pt\/wp-content\/uploads\/2019\/01\/logo-1.png\" alt=\"\" width=\"869\" height=\"192\" srcset=\"https:\/\/www.pnrrc.pt\/wp-content\/uploads\/2019\/01\/logo-1.png 1093w, https:\/\/www.pnrrc.pt\/wp-content\/uploads\/2019\/01\/logo-1-300x66.png 300w, https:\/\/www.pnrrc.pt\/wp-content\/uploads\/2019\/01\/logo-1-768x169.png 768w, https:\/\/www.pnrrc.pt\/wp-content\/uploads\/2019\/01\/logo-1-1024x226.png 1024w\" sizes=\"(max-width: 869px) 100vw, 869px\" \/><span style=\"color: #000000;\">Portugal e Espanha s\u00e3o pa\u00edses que adoptaram o Quadro de Sendai, no \u00e2mbito da Estrat\u00e9gia Internacional para a Redu\u00e7\u00e3o de Cat\u00e1strofes (PNRRC), das Na\u00e7\u00f5es Unidas (International Strategy for Disaster Reduction, ISDR). Em ambos os pa\u00edses, no contexto da ISDR, foram criadas as Plataformas Nacionais de Redu\u00e7\u00e3o do Risco de Cat\u00e1strofes, ambas junto das respectivas Comiss\u00f5es Nacionais de Protec\u00e7\u00e3o Civil. <\/span><\/p>\n<p><span style=\"color: #000000;\">Em Portugal, a Plataforma Nacional para a Redu\u00e7\u00e3o de Cat\u00e1strofes (PNRRC\/Portugal) \u00e9 um espa\u00e7o multissectorial que pretende promover a redu\u00e7\u00e3o de riscos e evitar ou limitar impactos negativos decorrentes de cat\u00e1strofes. Os v\u00e1rios setores do governo e representantes da sociedade civil, incluindo institui\u00e7\u00f5es acad\u00e9micas, o setor privado e os \u00f3rg\u00e3os de comunica\u00e7\u00e3o social, t\u00eam um papel fundamental na constru\u00e7\u00e3o e funcionamento desta plataforma.<\/span><\/p>\n<p><span style=\"color: #000000;\">Das diversas actividades a desenvolver pela PNRRC\/Portugal real\u00e7a-se a intitulada \u201cAvaliar a seguran\u00e7a das estruturas de ensino\u201d, cujo grupo de trabalho \u00e9 coordenado pelo Instituto Superior T\u00e9cnico e cuja principal miss\u00e3o ser\u00e1 o desenvolvimento de metodologias de an\u00e1lise dos edif\u00edcios de modo a determinar a sua resist\u00eancia s\u00edsmica.<\/span><\/p>\n<p style=\"text-align: left;\"><span style=\"color: #3366ff;\"><strong>1.ENTIDADES PARTICIPANTES<\/strong><\/span><\/p>\n<p><span style=\"color: #000000;\">As entidades que constituem a equipa de trabalho para este projeto s\u00e3o:<\/span><\/p>\n<p style=\"padding-left: 30px;\"><span style=\"color: #000000;\">-Universidade do Algarve<\/span><\/p>\n<p style=\"padding-left: 30px;\"><span style=\"color: #000000;\">-Autoridade Nacional de Protec\u00e7\u00e3o Civil<\/span><\/p>\n<p style=\"padding-left: 30px;\"><span style=\"color: #000000;\">-Universidade de Sevilha<\/span><\/p>\n<p style=\"padding-left: 30px;\"><span style=\"color: #000000;\">-Universidade Pablo de Olavide<\/span><\/p>\n<p style=\"text-align: left; padding-left: 30px;\"><span style=\"color: #000000;\">-Direcci\u00f3n General de Interior, Protecci\u00f3n Civil y Emergencias<\/span><\/p>\n<p style=\"padding-left: 30px;\"><span style=\"color: #000000;\">-Comunidade Intermunicipal do Algarve &#8211; C\u00e2mara Municipal de Olh\u00e3o<\/span><\/p>\n<p><strong style=\"color: #3366ff;\">2.<\/strong><strong style=\"color: #3366ff;\">MISS\u00c3O<\/strong><\/p>\n<p><span style=\"color: #000000;\">Nesse sentido, face \u00e0 dimens\u00e3o da tarefa a executar, bem como \u00e0s limitadas disponibilidades financeiras existentes foi definido pela PNRCC\/Portugal limitar a \u00e1rea de actua\u00e7\u00e3o \u00e0 regi\u00e3o do Algarve, como regi\u00e3o portuguesa de maior risco. Tendo tamb\u00e9m sido definida, para esta fase, uma actua\u00e7\u00e3o focada aos edif\u00edcios afectos \u00e1 educa\u00e7\u00e3o pr\u00e9-escolar e 1\u00ba ciclo, em complementaridade ao j\u00e1 feito para o ensino secund\u00e1rio pela Parque Escolar I.P. e cujos equipamentos est\u00e3o sob gest\u00e3o do Minist\u00e9rio da Educa\u00e7\u00e3o, em oposi\u00e7\u00e3o aos edif\u00edcios escolares do 1\u00ba ciclo, sob gest\u00e3o aut\u00e1rquica. <\/span><br \/>\n<span style=\"color: #000000;\">Sendo o risco s\u00edsmico uma quest\u00e3o que transcende fronteiras, em Espanha a rede escolar prim\u00e1ria da Andaluzia sofre de id\u00eanticas vulnerabilidades quando comparada com a rede portuguesa, situa\u00e7\u00e3o que os governos locais e regionais t\u00eam presente j\u00e1 que para o Algarve e Andaluzia coexistem planos de emerg\u00eancia especiais para o risco s\u00edsmico, onde de uma forma centralizada se procura a resposta ao evento numa componente de emerg\u00eancia, sendo a componente preven\u00e7\u00e3o-mitiga\u00e7\u00e3o n\u00e3o discutida, pelo que urge analisar tamb\u00e9m este risco por este prisma. Relembra-se que a principal fonte sismog\u00e9nica para a Andaluzia Ocidental \u00e9 a mesma que actua sobre o Algarve, a falha A\u00e7ores-Gibraltar, pelo que este \u00e9 claramente um problema comum e transfronteiro, que nos leva tamb\u00e9m a incluir esta regi\u00e3o Espanhola neste estudo. Assim, pretendemos colmatar esta lacuna, promovendo e apoiando as autarquias e ayuntamientos a realizarem uma avalia\u00e7\u00e3o s\u00edsmica do seu parque escolar, bem como elencar e demonstrar quais as solu\u00e7\u00f5es de reabilita\u00e7\u00e3o e remedia\u00e7\u00e3o poss\u00edveis em cen\u00e1rios com or\u00e7amentos restritivos, de modo a minimizar a perda de pessoas e bens.<\/span><\/p>\n<p><span style=\"color: #3366ff;\"><strong>3.CARACTERIZA\u00c7\u00c3O<\/strong><\/span><\/p>\n<p><span style=\"color: #000000;\">Os edif\u00edcios escolares que integram a rede p\u00fablica de escolas do ensino prim\u00e1rio constituem um conjunto com heterogeneidade marcado por diferentes tipologias construtivas que reflectem as transforma\u00e7\u00f5es ocorridas em Portugal e Espanha nos \u00faltimos 100 anos no sector da educa\u00e7\u00e3o, ao mesmo tempo que traduzem a evolu\u00e7\u00e3o das tecnologias de constru\u00e7\u00e3o e os recursos t\u00e9cnicos e financeiros dispon\u00edveis para responder \u00e0s necessidades do momento. Cada uma das referidas tipologias apresenta problemas potenciais, do ponto de vista de seguran\u00e7a s\u00edsmica, pelo que importa proceder \u00e0 sua avalia\u00e7\u00e3o e perspectivar a necessidade de refor\u00e7o estrutural quando necess\u00e1rio. Esta componente de avalia\u00e7\u00e3o e refor\u00e7o s\u00edsmico pode encontrar paralelo em alguns programas realizados em pa\u00edses com elevada sismicidade, como \u00e9 o caso da Turquia, com o programa Istanbul seismic risk Mitigation and emergency Preparedness Project (iSMEP), iniciado em 2006 na regi\u00e3o de Istambul. Registe-se ainda o trabalho publicado pela organiza\u00e7\u00e3o para a Coopera\u00e7\u00e3o e desenvolvimento Econ\u00f3mico (OCDE), atrav\u00e9s do Programme on education buildings (PEB), actualmente designado centre for effective learning environments (CELE), e os esfor\u00e7os desenvolvidos pela organiza\u00e7\u00e3o na defini\u00e7\u00e3o de linhas mestras a serem adoptadas pelos estados-membros relativas \u00e0 melhoria das condi\u00e7\u00f5es de seguran\u00e7a s\u00edsmica dos edif\u00edcios escolares.<\/span><\/p>\n<p><span style=\"color: #3366ff;\"><strong>4.METAS<\/strong><\/span><\/p>\n<p><span style=\"color: #000000;\">Os objetivos do projeto podem ser elencados nestas principais metas:<\/span><\/p>\n<p style=\"padding-left: 30px;\"><span style=\"color: #000000;\">-Elabora\u00e7\u00e3o de curvas de fragilidade s\u00edsmica por tipologia de escola<\/span><\/p>\n<p style=\"padding-left: 30px;\"><span style=\"color: #000000;\">-A cria\u00e7\u00e3o de equipas mistas luso-espanholas de avalia\u00e7\u00e3o dos parques escolares portugu\u00eas e espanhol permitindo o interc\u00e2mbio de experi\u00eancias\u00a0<\/span><\/p>\n<p style=\"padding-left: 30px;\"><span style=\"color: #000000;\">-Avaliar a resili\u00eancia ao risco s\u00edsmico das escolas da rede prim\u00e1ria portuguesa e espanhola na regi\u00e3o em estudo<\/span><\/p>\n<p style=\"padding-left: 30px;\"><span style=\"color: #000000;\">-Avaliar potenciais perdas em vidas e bens face a um sismo de caracter\u00edsticas similares a 1755.<\/span><\/p>\n<p style=\"padding-left: 30px;\"><span style=\"color: #000000;\">-Propor solu\u00e7\u00f5es economicamente eficientes aos gestores do parque escolar, de modo a incrementar a resist\u00eancia e resili\u00eancia ao risco s\u00edsmico<\/span><\/p>\n<p style=\"padding-left: 30px;\"><span style=\"color: #000000;\">-Executar fisicamente ac\u00e7\u00f5es propostas em mat\u00e9ria de resist\u00eancia estrutural e comportamentos sociol\u00f3gicos em duas escolas-tipo<\/span><\/p>\n<p><span style=\"color: #3366ff;\"><strong>5.PUBLICA\u00c7\u00d5ES<\/strong><\/span><\/p>\n<p><span style=\"color: #000000;\">Est\u00eav\u00e3o, Jo\u00e3o M. C.; Ferreira, M\u00f3nica A.; Morales-Esteban, Antonio; Mart\u00ednez-\u00c1lvarez, Francisco; Fazendeiro-S\u00e1, Luis; Requena-Garc\u00eda-Cruz, Victoria; Segovia-Verjel, M. Luisa; Oliveira, Carlos S. (2018). &#8220;<em>Earthquake resilient schools in Algarve (Portugal) and Huelva (Spain)<\/em>&#8220;. 16th International Conference on Earthquake Engineering (16ECEE), Thessaloniki, Gr\u00e9cia, 1-11. (<a href=\"https:\/\/sapientia.ualg.pt\/bitstream\/10400.1\/10718\/1\/16ECEE_Paper_11214.pdf\">link<\/a>)<\/span><\/p>\n<p><span style=\"color: #3366ff;\"><strong>6.LOCAIS DE ESTUDO<\/strong><\/span><\/p>\n<p><span style=\"color: #000000;\">A localiza\u00e7\u00e3o dos estabelecimentos escolares objeto de an\u00e1lise por parte desta iniciativa pode ser observada no mapa em infra<\/span><\/p>\n<p style=\"text-align: center;\"><iframe loading=\"lazy\" src=\"https:\/\/www.google.com.qa\/maps\/d\/embed?mid=1EPPtnovW8WkxXYEmKAcaXd_ISzp_Tn7c\" width=\"640\" height=\"480\"><\/iframe><\/p>\n<p><span style=\"color: #3366ff;\"><strong>7.RESULTADOS<\/strong><\/span><\/p>\n<p><span style=\"color: #000000;\">Os resultados e &#8220;outputs&#8221; do projeto podem ser consultados <strong><a href=\"https:\/\/sway.office.com\/UZLStBm6DvZfNlt3?ref=Link\">aqui<\/a><\/strong><\/span><\/p>\n<p><span style=\"color: #3366ff;\"><strong>8.DELIVERABLES<\/strong><\/span><\/p>\n<p><span style=\"color: #000000;\">Coleta de conte\u00fados did\u00e1ticos para docentes e discentes do 1\u00baCiclo &#8212; <\/span><strong><a href=\"https:\/\/drive.google.com\/file\/d\/1VQyw-iKQOmlM-455aWtEYbIwGsiy84nL\/view?usp=sharing\">Por que \u00e9 que o Ch\u00e3o se Move<\/a><\/strong><span style=\"color: #000000;\">\u00a0(pdf)\u00a0<\/span><\/p>\n<p><span style=\"color: #000000;\">Publica\u00e7\u00e3o destinada a Gestores do Espa\u00e7o Escolar &#8212; <\/span><strong><a href=\"https:\/\/drive.google.com\/file\/d\/1uEs2KnXL2g1iXM3pFZLkfgAG7-ooddp1\/view?usp=sharing\">Guia Pr\u00e1tico Escola Resiliente aos Sismos<\/a><\/strong><span style=\"color: #000000;\"> (pdf)\u00a0<\/span><\/p>\n<p><span style=\"color: #000000;\">Publica\u00e7\u00e3o destinada ao Refor\u00e7o Anti-S\u00edsmico Estrutural &#8212; <\/span><strong><a href=\"https:\/\/editorial.us.es\/en\/descarga\/720170?f=pdf\">Guia Pr\u00e1tico da Reabilita\u00e7\u00e3o S\u00edsmica Estrutural<\/a><\/strong><span style=\"color: #000000;\"> (pdf)\u00a0<\/span><\/p>\n<p><img decoding=\"async\" loading=\"lazy\" class=\"aligncenter size-full wp-image-1097\" src=\"https:\/\/www.pnrrc.pt\/wp-content\/uploads\/2019\/01\/logo_geral.png\" alt=\"\" width=\"1127\" height=\"164\" srcset=\"https:\/\/www.pnrrc.pt\/wp-content\/uploads\/2019\/01\/logo_geral.png 1127w, https:\/\/www.pnrrc.pt\/wp-content\/uploads\/2019\/01\/logo_geral-300x44.png 300w, https:\/\/www.pnrrc.pt\/wp-content\/uploads\/2019\/01\/logo_geral-768x112.png 768w, https:\/\/www.pnrrc.pt\/wp-content\/uploads\/2019\/01\/logo_geral-1024x149.png 1024w\" sizes=\"(max-width: 1127px) 100vw, 1127px\" \/><\/p>\n","protected":false},"excerpt":{"rendered":"<p>Projetos de\u00a0Escolas\u00a0Resilientes aos\u00a0SISmos no\u00a0Territ\u00f3rio do\u00a0Algarve e de\u00a0Huelva Ver Resumo do Projeto (filme)\u00a0 Portugal e Espanha s\u00e3o pa\u00edses que adoptaram o Quadro de Sendai, no \u00e2mbito da Estrat\u00e9gia Internacional para a Redu\u00e7\u00e3o de Cat\u00e1strofes (PNRRC), das Na\u00e7\u00f5es Unidas (International Strategy for<\/p>\n","protected":false},"author":2,"featured_media":0,"parent":0,"menu_order":0,"comment_status":"closed","ping_status":"closed","template":"","meta":[],"_links":{"self":[{"href":"https:\/\/www.pnrrc.pt\/index.php\/wp-json\/wp\/v2\/pages\/1047"}],"collection":[{"href":"https:\/\/www.pnrrc.pt\/index.php\/wp-json\/wp\/v2\/pages"}],"about":[{"href":"https:\/\/www.pnrrc.pt\/index.php\/wp-json\/wp\/v2\/types\/page"}],"author":[{"embeddable":true,"href":"https:\/\/www.pnrrc.pt\/index.php\/wp-json\/wp\/v2\/users\/2"}],"replies":[{"embeddable":true,"href":"https:\/\/www.pnrrc.pt\/index.php\/wp-json\/wp\/v2\/comments?post=1047"}],"version-history":[{"count":54,"href":"https:\/\/www.pnrrc.pt\/index.php\/wp-json\/wp\/v2\/pages\/1047\/revisions"}],"predecessor-version":[{"id":1947,"href":"https:\/\/www.pnrrc.pt\/index.php\/wp-json\/wp\/v2\/pages\/1047\/revisions\/1947"}],"wp:attachment":[{"href":"https:\/\/www.pnrrc.pt\/index.php\/wp-json\/wp\/v2\/media?parent=1047"}],"curies":[{"name":"wp","href":"https:\/\/api.w.org\/{rel}","templated":true}]}}